{"id":830,"date":"2019-02-18T18:09:11","date_gmt":"2019-02-18T18:09:11","guid":{"rendered":"https:\/\/www.pasquaphilippe.com\/?page_id=830"},"modified":"2019-10-28T13:13:28","modified_gmt":"2019-10-28T13:13:28","slug":"togethher","status":"publish","type":"page","link":"https:\/\/www.pasquaphilippe.com\/en\/expositions\/expositions-recentes\/togethher\/","title":{"rendered":"TOGETH\u2019HER"},"content":{"rendered":"<div class=\"wpb-content-wrapper\"><p>[vc_row][vc_column][vc_custom_heading text=&#8221;TOGETH\u2019HER&#8221; font_container=&#8221;tag:h2|text_align:center&#8221; use_theme_fonts=&#8221;yes&#8221; link=&#8221;|||&#8221;][vc_empty_space height=&#8221;20px&#8221;][vc_column_text]<\/p>\n<div class=\"wpb_text_column wpb_content_element \">\n<div class=\"wpb_wrapper\">\n<p class=\"vc_custom_heading\" style=\"text-align: center;\"><span style=\"text-decoration: underline; font-size: 12pt;\">February 19 &#8211; February 27, 2019<\/span><\/p>\n<\/div>\n<\/div>\n<p>[\/vc_column_text][vc_custom_heading text=&#8221;Monnaie de Paris&#8221; font_container=&#8221;tag:h3|text_align:center&#8221; use_theme_fonts=&#8221;yes&#8221; link=&#8221;|||&#8221;][vc_empty_space height=&#8221;26px&#8221;][vc_tta_tabs shape=&#8221;square&#8221; color=&#8221;white&#8221; spacing=&#8221;20&#8243; gap=&#8221;20&#8243; alignment=&#8221;center&#8221; active_section=&#8221;1&#8243; no_fill_content_area=&#8221;true&#8221; css=&#8221;.vc_custom_1540915951324{background-color: #ffffff !important;}&#8221;][vc_tta_section title=&#8221;Pictures&#8221; tab_id=&#8221;1540412637353-0a840042-ba65&#8243;][vc_single_image image=&#8221;838&#8243; img_size=&#8221;full&#8221;][vc_row_inner][vc_column_inner][vc_column_text]<\/p>\n<p style=\"text-align: justify;\"><strong><u>Madonna<\/u>,<\/strong><\/p>\n<p style=\"text-align: justify;\">By\u00a0<strong>Philippe Pasqua<\/strong><\/p>\n<p>\u201cI hardly ever paint celebrities. I am more inspired by sensitive people, with bitter pasts and faces, harmed by alcohol, drugs, prostitution, diseases\u2026 or the complete opposite, kids, due to their carelessness and innocence clearly written on their faces. However, Madonna, with her song \u201cVogue\u201d is a great match. Ironically, I find it difficult to associate a particular image to Madonna. We have seen changes in her style, haircut, make-up\u2026 Over the years, she changed face. Which may be some sort of mask. Therefore, I drew many faces that I erased and due to the transparency of the tracing paper, I redid a face for Madonna in marker. This tracing paper is everything that is hidden behind this mask. I wanted it to be a bit wild: A Vogue cover slightly \u201chard-living\u201d just like she was during a certain period of her life.\u201d[\/vc_column_text][\/vc_column_inner][\/vc_row_inner][\/vc_tta_section][vc_tta_section title=&#8221;Press Release&#8221; tab_id=&#8221;1542297190673-8d883dec-3888&#8243;][vc_column_text]<\/p>\n<div class=\"page\" title=\"Page 4\">\n<div class=\"layoutArea\">\n<div class=\"column\">\n<h4 style=\"text-align: justify;\"><span style=\"font-size: 23pt;\">Artistes \u00e0 la Une &amp; VOGUE PARIS<\/span><\/h4>\n<\/div>\n<\/div>\n<div class=\"layoutArea\" style=\"text-align: justify;\">\n<div class=\"column\" style=\"text-align: justify;\">\n<h2><span style=\"font-size: 55pt;\">TOGETH\u2019HER<\/span><\/h2>\n<p>&nbsp;<\/p>\n<\/div>\n<div class=\"column\">\n<div class=\"page\" title=\"Page 4\">\n<div class=\"layoutArea\">\n<div class=\"column\" style=\"text-align: justify;\">\n<p><strong>From February 19 to 23, 2019 Vogue pays tribute to women at Monnaie de Paris with the Togeth\u2019Her exhibition. On the occasion, 33 artists have been given free rein to come up with their very own Vogue Paris cover to promote their famous and inspiring woman.<br \/>\nFrom February 19 to 23, 2019 Monnaie de Paris houses the Artistes \u00e0 la Une, Togeth\u2019Her exhibition-sale with 33 artists designing their very own Vogue Paris cover.<br \/>\n<\/strong><\/p>\n<p>&nbsp;<\/p>\n<\/div>\n<div class=\"column\">\n<p style=\"text-align: justify;\"><img loading=\"lazy\" decoding=\"async\" class=\"aligncenter wp-image-847 size-full\" src=\"https:\/\/www.pasquaphilippe.com\/wp-content\/uploads\/2019\/02\/photo-together.jpg\" alt=\"photo-together\" width=\"1300\" height=\"433\" srcset=\"https:\/\/www.pasquaphilippe.com\/wp-content\/uploads\/2019\/02\/photo-together.jpg 1300w, https:\/\/www.pasquaphilippe.com\/wp-content\/uploads\/2019\/02\/photo-together-300x100.jpg 300w, https:\/\/www.pasquaphilippe.com\/wp-content\/uploads\/2019\/02\/photo-together-768x256.jpg 768w, https:\/\/www.pasquaphilippe.com\/wp-content\/uploads\/2019\/02\/photo-together-1024x341.jpg 1024w\" sizes=\"(max-width: 1300px) 100vw, 1300px\" \/><\/p>\n<p>Held to support programs in favor of gender equality and women\u2019s empowerment led by\u00a0UN Women, the project offers 33 Vogue covers deigned by great artists on sale.<\/p>\n<p>ORLAN, Fabrice Hyber, Philippe Pasqua, Subodh Gupta, these artists played the fame and pay tribute to women who rewrote the codes of their time in portraits worthy of Vogue.<\/p>\n<p>Some artists also paid tribute to political figures: Hom Nguyen immortalized Michelle Obama, ORLAN couldn\u2019t choose between Jos\u00e9phine Baker &amp; Simone de Beauvoir, Agn\u00e8s Thurnaueur painted Hannah Arendt, Grayson Perry chose Margaret Thatcher a figure already present in his work displayed at Monnaie de Paris.<\/p>\n<p>&nbsp;<\/p>\n<p>Other artists made the best of this exhibition to promote other artists: Pilar Albarracin immortalized Carmen, Philippe Pasqua chose Madonna, Pierre Seinturier, Niki de Saint Phalle and Sunmi Kim selected Frida Kahlo!<\/p>\n<p>Free spirit, Subodh Gupta pays tribute to his wife, Mrs. Gupta.<\/p>\n<p>At the end of the exhibition, works will be put on sale by auction house Christie\u2019s for the Comit\u00e9 ONU Femmes France [France UN Women Committee].<\/p>\n<p>&nbsp;<\/p>\n<p style=\"text-align: right;\"><a href=\"http:\/\/www.sortiraparis.com\"><em>www.sortiraparis.com<\/em><\/a><\/p>\n<\/div>\n<\/div>\n<\/div>\n<\/div>\n<\/div>\n<\/div>\n<p>[\/vc_column_text][\/vc_tta_section][\/vc_tta_tabs][\/vc_column][\/vc_row]<\/p>\n<\/div>","protected":false},"excerpt":{"rendered":"<p>[vc_row][vc_column][vc_custom_heading text=&#8221;TOGETH\u2019HER&#8221; font_container=&#8221;tag:h2|text_align:center&#8221; use_theme_fonts=&#8221;yes&#8221; link=&#8221;|||&#8221;][vc_empty_space height=&#8221;20px&#8221;][vc_column_text] February 19 &#8211; February 27, 2019 [\/vc_column_text][vc_custom_heading text=&#8221;Monnaie de Paris&#8221; font_container=&#8221;tag:h3|text_align:center&#8221; use_theme_fonts=&#8221;yes&#8221; link=&#8221;|||&#8221;][vc_empty_space height=&#8221;26px&#8221;][vc_tta_tabs shape=&#8221;square&#8221; color=&#8221;white&#8221; spacing=&#8221;20&#8243; gap=&#8221;20&#8243; alignment=&#8221;center&#8221; active_section=&#8221;1&#8243; no_fill_content_area=&#8221;true&#8221; css=&#8221;.vc_custom_1540915951324{background-color: #ffffff !important;}&#8221;][vc_tta_section title=&#8221;Pictures&#8221; tab_id=&#8221;1540412637353-0a840042-ba65&#8243;][vc_single_image image=&#8221;838&#8243; img_size=&#8221;full&#8221;][vc_row_inner][vc_column_inner][vc_column_text] Madonna, By\u00a0Philippe Pasqua \u201cI hardly ever paint celebrities. I am more inspired by sensitive people, with bitter pasts and faces, harmed&hellip;<\/p>\n","protected":false},"author":1,"featured_media":0,"parent":238,"menu_order":0,"comment_status":"closed","ping_status":"closed","template":"","meta":{"_exactmetrics_skip_tracking":false,"_exactmetrics_sitenote_active":false,"_exactmetrics_sitenote_note":"","_exactmetrics_sitenote_category":0,"footnotes":""},"class_list":["post-830","page","type-page","status-publish","hentry","description-off"],"yoast_head":"<!-- This site is optimized with the Yoast SEO plugin v25.6 - https:\/\/yoast.com\/wordpress\/plugins\/seo\/ -->\n<title>EXPOSITION TOGETH\u2019HER - Du 19 F\u00e9vrier au 23 F\u00e9vrier 2019<\/title>\n<meta name=\"description\" content=\"La Monnaie de Paris accueillera du 19 au 27 f\u00e9vrier 2019, l\u2019exposition intitul\u00e9e \u00ab Artistes \u00e0 la Une, Togeth\u2019her \u00bb\u00ae, organis\u00e9e pour...\" \/>\n<meta name=\"robots\" content=\"index, follow, max-snippet:-1, max-image-preview:large, max-video-preview:-1\" \/>\n<link rel=\"canonical\" href=\"https:\/\/www.pasquaphilippe.com\/en\/expositions\/expositions-recentes\/togethher\/\" \/>\n<meta property=\"og:locale\" content=\"en_US\" \/>\n<meta property=\"og:type\" content=\"article\" \/>\n<meta property=\"og:title\" content=\"EXPOSITION TOGETH\u2019HER - Du 19 F\u00e9vrier au 23 F\u00e9vrier 2019\" \/>\n<meta property=\"og:description\" content=\"La Monnaie de Paris accueillera du 19 au 27 f\u00e9vrier 2019, l\u2019exposition intitul\u00e9e \u00ab Artistes \u00e0 la Une, Togeth\u2019her \u00bb\u00ae, organis\u00e9e pour...\" \/>\n<meta property=\"og:url\" content=\"https:\/\/www.pasquaphilippe.com\/en\/expositions\/expositions-recentes\/togethher\/\" \/>\n<meta property=\"og:site_name\" content=\"pasqua\" \/>\n<meta property=\"article:modified_time\" content=\"2019-10-28T13:13:28+00:00\" \/>\n<meta property=\"og:image\" content=\"https:\/\/www.pasquaphilippe.com\/wp-content\/uploads\/2019\/02\/photo-together.jpg\" \/>\n<meta name=\"twitter:card\" content=\"summary_large_image\" \/>\n<meta name=\"twitter:label1\" content=\"Est. reading time\" \/>\n\t<meta name=\"twitter:data1\" content=\"8 minutes\" \/>\n<script type=\"application\/ld+json\" class=\"yoast-schema-graph\">{\"@context\":\"https:\/\/schema.org\",\"@graph\":[{\"@type\":\"WebPage\",\"@id\":\"https:\/\/www.pasquaphilippe.com\/en\/expositions\/expositions-recentes\/togethher\/\",\"url\":\"https:\/\/www.pasquaphilippe.com\/en\/expositions\/expositions-recentes\/togethher\/\",\"name\":\"EXPOSITION TOGETH\u2019HER - Du 19 F\u00e9vrier au 23 F\u00e9vrier 2019\",\"isPartOf\":{\"@id\":\"https:\/\/www.pasquaphilippe.com\/en\/#website\"},\"primaryImageOfPage\":{\"@id\":\"https:\/\/www.pasquaphilippe.com\/en\/expositions\/expositions-recentes\/togethher\/#primaryimage\"},\"image\":{\"@id\":\"https:\/\/www.pasquaphilippe.com\/expositions\/expositions-recentes\/togethher\/#primaryimage\"},\"thumbnailUrl\":\"https:\/\/www.pasquaphilippe.com\/wp-content\/uploads\/2019\/02\/photo-together.jpg\",\"datePublished\":\"2019-02-18T18:09:11+00:00\",\"dateModified\":\"2019-10-28T13:13:28+00:00\",\"description\":\"La Monnaie de Paris accueillera du 19 au 27 f\u00e9vrier 2019, l\u2019exposition intitul\u00e9e \u00ab Artistes \u00e0 la Une, Togeth\u2019her \u00bb\u00ae, organis\u00e9e pour...\",\"breadcrumb\":{\"@id\":\"https:\/\/www.pasquaphilippe.com\/en\/expositions\/expositions-recentes\/togethher\/#breadcrumb\"},\"inLanguage\":\"en-US\",\"potentialAction\":[{\"@type\":\"ReadAction\",\"target\":[[\"https:\/\/www.pasquaphilippe.com\/en\/expositions\/expositions-recentes\/togethher\/\"]]}]},{\"@type\":\"ImageObject\",\"inLanguage\":\"en-US\",\"@id\":\"https:\/\/www.pasquaphilippe.com\/en\/expositions\/expositions-recentes\/togethher\/#primaryimage\",\"url\":\"https:\/\/www.pasquaphilippe.com\/wp-content\/uploads\/2019\/02\/photo-together.jpg\",\"contentUrl\":\"https:\/\/www.pasquaphilippe.com\/wp-content\/uploads\/2019\/02\/photo-together.jpg\"},{\"@type\":\"BreadcrumbList\",\"@id\":\"https:\/\/www.pasquaphilippe.com\/en\/expositions\/expositions-recentes\/togethher\/#breadcrumb\",\"itemListElement\":[{\"@type\":\"ListItem\",\"position\":1,\"name\":\"Home\",\"item\":\"https:\/\/www.pasquaphilippe.com\/en\/\"},{\"@type\":\"ListItem\",\"position\":2,\"name\":\"EXPOSITIONS\",\"item\":\"https:\/\/www.pasquaphilippe.com\/en\/expositions\/\"},{\"@type\":\"ListItem\",\"position\":3,\"name\":\"EXPOSITIONS RECENTES\",\"item\":\"https:\/\/www.pasquaphilippe.com\/en\/expositions\/expositions-recentes\/\"},{\"@type\":\"ListItem\",\"position\":4,\"name\":\"TOGETH\u2019HER\"}]},{\"@type\":\"WebSite\",\"@id\":\"https:\/\/www.pasquaphilippe.com\/en\/#website\",\"url\":\"https:\/\/www.pasquaphilippe.com\/en\/\",\"name\":\"pasqua\",\"description\":\"\",\"potentialAction\":[{\"@type\":\"SearchAction\",\"target\":{\"@type\":\"EntryPoint\",\"urlTemplate\":\"https:\/\/www.pasquaphilippe.com\/en\/?s={search_term_string}\"},\"query-input\":{\"@type\":\"PropertyValueSpecification\",\"valueRequired\":true,\"valueName\":\"search_term_string\"}}],\"inLanguage\":\"en-US\"}]}<\/script>\n<!-- \/ Yoast SEO plugin. -->","yoast_head_json":{"title":"EXPOSITION TOGETH\u2019HER - Du 19 F\u00e9vrier au 23 F\u00e9vrier 2019","description":"La Monnaie de Paris accueillera du 19 au 27 f\u00e9vrier 2019, l\u2019exposition intitul\u00e9e \u00ab Artistes \u00e0 la Une, Togeth\u2019her \u00bb\u00ae, organis\u00e9e pour...","robots":{"index":"index","follow":"follow","max-snippet":"max-snippet:-1","max-image-preview":"max-image-preview:large","max-video-preview":"max-video-preview:-1"},"canonical":"https:\/\/www.pasquaphilippe.com\/en\/expositions\/expositions-recentes\/togethher\/","og_locale":"en_US","og_type":"article","og_title":"EXPOSITION TOGETH\u2019HER - Du 19 F\u00e9vrier au 23 F\u00e9vrier 2019","og_description":"La Monnaie de Paris accueillera du 19 au 27 f\u00e9vrier 2019, l\u2019exposition intitul\u00e9e \u00ab Artistes \u00e0 la Une, Togeth\u2019her \u00bb\u00ae, organis\u00e9e pour...","og_url":"https:\/\/www.pasquaphilippe.com\/en\/expositions\/expositions-recentes\/togethher\/","og_site_name":"pasqua","article_modified_time":"2019-10-28T13:13:28+00:00","og_image":[{"url":"https:\/\/www.pasquaphilippe.com\/wp-content\/uploads\/2019\/02\/photo-together.jpg","type":"","width":"","height":""}],"twitter_card":"summary_large_image","twitter_misc":{"Est. reading time":"8 minutes"},"schema":{"@context":"https:\/\/schema.org","@graph":[{"@type":"WebPage","@id":"https:\/\/www.pasquaphilippe.com\/en\/expositions\/expositions-recentes\/togethher\/","url":"https:\/\/www.pasquaphilippe.com\/en\/expositions\/expositions-recentes\/togethher\/","name":"EXPOSITION TOGETH\u2019HER - Du 19 F\u00e9vrier au 23 F\u00e9vrier 2019","isPartOf":{"@id":"https:\/\/www.pasquaphilippe.com\/en\/#website"},"primaryImageOfPage":{"@id":"https:\/\/www.pasquaphilippe.com\/en\/expositions\/expositions-recentes\/togethher\/#primaryimage"},"image":{"@id":"https:\/\/www.pasquaphilippe.com\/expositions\/expositions-recentes\/togethher\/#primaryimage"},"thumbnailUrl":"https:\/\/www.pasquaphilippe.com\/wp-content\/uploads\/2019\/02\/photo-together.jpg","datePublished":"2019-02-18T18:09:11+00:00","dateModified":"2019-10-28T13:13:28+00:00","description":"La Monnaie de Paris accueillera du 19 au 27 f\u00e9vrier 2019, l\u2019exposition intitul\u00e9e \u00ab Artistes \u00e0 la Une, Togeth\u2019her \u00bb\u00ae, organis\u00e9e pour...","breadcrumb":{"@id":"https:\/\/www.pasquaphilippe.com\/en\/expositions\/expositions-recentes\/togethher\/#breadcrumb"},"inLanguage":"en-US","potentialAction":[{"@type":"ReadAction","target":[["https:\/\/www.pasquaphilippe.com\/en\/expositions\/expositions-recentes\/togethher\/"]]}]},{"@type":"ImageObject","inLanguage":"en-US","@id":"https:\/\/www.pasquaphilippe.com\/en\/expositions\/expositions-recentes\/togethher\/#primaryimage","url":"https:\/\/www.pasquaphilippe.com\/wp-content\/uploads\/2019\/02\/photo-together.jpg","contentUrl":"https:\/\/www.pasquaphilippe.com\/wp-content\/uploads\/2019\/02\/photo-together.jpg"},{"@type":"BreadcrumbList","@id":"https:\/\/www.pasquaphilippe.com\/en\/expositions\/expositions-recentes\/togethher\/#breadcrumb","itemListElement":[{"@type":"ListItem","position":1,"name":"Home","item":"https:\/\/www.pasquaphilippe.com\/en\/"},{"@type":"ListItem","position":2,"name":"EXPOSITIONS","item":"https:\/\/www.pasquaphilippe.com\/en\/expositions\/"},{"@type":"ListItem","position":3,"name":"EXPOSITIONS RECENTES","item":"https:\/\/www.pasquaphilippe.com\/en\/expositions\/expositions-recentes\/"},{"@type":"ListItem","position":4,"name":"TOGETH\u2019HER"}]},{"@type":"WebSite","@id":"https:\/\/www.pasquaphilippe.com\/en\/#website","url":"https:\/\/www.pasquaphilippe.com\/en\/","name":"pasqua","description":"","potentialAction":[{"@type":"SearchAction","target":{"@type":"EntryPoint","urlTemplate":"https:\/\/www.pasquaphilippe.com\/en\/?s={search_term_string}"},"query-input":{"@type":"PropertyValueSpecification","valueRequired":true,"valueName":"search_term_string"}}],"inLanguage":"en-US"}]}},"_links":{"self":[{"href":"https:\/\/www.pasquaphilippe.com\/en\/wp-json\/wp\/v2\/pages\/830"}],"collection":[{"href":"https:\/\/www.pasquaphilippe.com\/en\/wp-json\/wp\/v2\/pages"}],"about":[{"href":"https:\/\/www.pasquaphilippe.com\/en\/wp-json\/wp\/v2\/types\/page"}],"author":[{"embeddable":true,"href":"https:\/\/www.pasquaphilippe.com\/en\/wp-json\/wp\/v2\/users\/1"}],"replies":[{"embeddable":true,"href":"https:\/\/www.pasquaphilippe.com\/en\/wp-json\/wp\/v2\/comments?post=830"}],"version-history":[{"count":5,"href":"https:\/\/www.pasquaphilippe.com\/en\/wp-json\/wp\/v2\/pages\/830\/revisions"}],"predecessor-version":[{"id":885,"href":"https:\/\/www.pasquaphilippe.com\/en\/wp-json\/wp\/v2\/pages\/830\/revisions\/885"}],"up":[{"embeddable":true,"href":"https:\/\/www.pasquaphilippe.com\/en\/wp-json\/wp\/v2\/pages\/238"}],"wp:attachment":[{"href":"https:\/\/www.pasquaphilippe.com\/en\/wp-json\/wp\/v2\/media?parent=830"}],"curies":[{"name":"wp","href":"https:\/\/api.w.org\/{rel}","templated":true}]}}