{"id":912,"date":"2020-09-07T14:14:48","date_gmt":"2020-09-07T14:14:48","guid":{"rendered":"https:\/\/www.pasquaphilippe.com\/?page_id=912"},"modified":"2020-11-09T15:02:45","modified_gmt":"2020-11-09T15:02:45","slug":"el-lado-oscuro-2","status":"publish","type":"page","link":"https:\/\/www.pasquaphilippe.com\/en\/expositions\/expositions-recentes\/el-lado-oscuro-2\/","title":{"rendered":"EL LADO OSCURO"},"content":{"rendered":"<div class=\"wpb-content-wrapper\"><p>[vc_row][vc_column][vc_custom_heading text=&#8221;EL LADO OSCURO&#8221; font_container=&#8221;tag:h2|text_align:center&#8221; use_theme_fonts=&#8221;yes&#8221; link=&#8221;|||&#8221;][vc_empty_space height=&#8221;20px&#8221;][vc_column_text]<\/p>\n<div class=\"wpb_text_column wpb_content_element \">\n<div class=\"wpb_wrapper\">\n<p class=\"vc_custom_heading\" style=\"text-align: center;\"><span style=\"text-decoration: underline; font-size: 12pt;\">September 11 &#8211; November 29, 2020<\/span><\/p>\n<\/div>\n<\/div>\n<p>[\/vc_column_text][vc_custom_heading text=&#8221;CAC de Malaga &#8211; Spain&#8221; font_container=&#8221;tag:h3|text_align:center&#8221; use_theme_fonts=&#8221;yes&#8221; link=&#8221;|||&#8221;][vc_empty_space height=&#8221;26px&#8221;][vc_tta_tabs shape=&#8221;square&#8221; color=&#8221;white&#8221; spacing=&#8221;20&#8243; gap=&#8221;20&#8243; alignment=&#8221;center&#8221; active_section=&#8221;1&#8243; no_fill_content_area=&#8221;true&#8221; css=&#8221;.vc_custom_1540915951324{background-color: #ffffff !important;}&#8221;][vc_tta_section title=&#8221;Pictures&#8221; tab_id=&#8221;1540412637353-0a840042-ba65&#8243;][vc_masonry_media_grid grid_id=&#8221;vc_gid:1600095621320-09c4a2ab-446c-10&#8243; include=&#8221;919,920,921,922,923,924,925,926,927,928,929,930,931,932,933,934&#8243;][\/vc_tta_section][vc_tta_section title=&#8221;video&#8221; tab_id=&#8221;video&#8221;][vc_row_inner][vc_column_inner][vc_empty_space height=&#8221;60&#8243;][\/vc_column_inner][\/vc_row_inner][vc_column_text]<iframe loading=\"lazy\" src=\"https:\/\/www.youtube.com\/embed\/yRToWBabxzc\" width=\"1280\" height=\"720\" frameborder=\"0\" allowfullscreen=\"allowfullscreen\"><\/iframe>[\/vc_column_text][\/vc_tta_section][vc_tta_section title=&#8221;Press Release&#8221; tab_id=&#8221;1542297190673-8d883dec-3888&#8243;][vc_column_text]<\/p>\n<div class=\"page\" title=\"Page 4\">\n<div class=\"layoutArea\">\n<div class=\"column\">\n<h4 style=\"text-align: justify;\"><span style=\"font-size: 23pt;\">The Dark Side<\/span><\/h4>\n<\/div>\n<\/div>\n<div class=\"layoutArea\" style=\"text-align: justify;\">\n<div class=\"column\" style=\"text-align: justify;\">\n<h2><span style=\"font-size: 55pt;\">EL LADO OSCURO<\/span><\/h2>\n<p>&nbsp;<\/p>\n<\/div>\n<div class=\"column\">\n<div class=\"page\" title=\"Page 4\">\n<div class=\"layoutArea\">\n<div class=\"column\" style=\"text-align: justify;\">\n<p style=\"text-align: center;\"><strong>THE CAC M\u00c1LAGA PRESENTS A RETROSPECTIVE SURVEY OF PHILIPPE PASQUA\u2019S WORK<br \/>\nThe Dark Side is Philippe Pasqua\u2019s first solo exhibition in Spain, a 30-year survey of the artist\u2019s career curated by Fernando Franc\u00e9s. The show features more than thirty works\u2014large-format paintings and two sculptures\u2014made between 1990 and the present day. Pasqua\u2019s art is characterised by his representation of portraits, faces and nudes using disabled children, transgender individuals, prostitutes and members of his own family as models. The artist reflects on the coexistence of beauty and ugliness, questioning the moral values of our time. Philippe Pasqua has made a name for himself as one of the greatest artists on the international art scene.<br \/>\n<\/strong><\/p>\n<p>&nbsp;<\/p>\n<\/div>\n<div class=\"column\">\n<div class=\"page\" title=\"Page 2\">\n<div class=\"layoutArea\">\n<div class=\"column\">\n<p>\u201cWhat I look for in art is, above all, a gesture. The feel of paint is phenomenal, it\u2019s stronger than any drug! Only painting has the power to supply these kinds of emotions and sensations,\u201d French artist Philippe Pasqua explains. Pasqua\u2019s vision of the world and people is expressed in his invariably massive works, which impress and invite viewers to reflect on human nature.<\/p>\n<p>Philippe Pasqua moves from drawing to painting, a medium in which he has developed a unique figurative style close to expressionism, and from collage to sculpture with consummate skill. In his paintings he occasionally leaves the bare canvas exposed, applying a palette of beige, red and blue tones with visible streaks, strokes, marks, splatters or globs of oil paint.<\/p>\n<p>The intense facial expressions and intimate physical acts of his characters denote the influence of artists like Francis Bacon, Lucian Freud and Tim Burton.<\/p>\n<p>His creative process begins by taking photographs of his subjects, attempting to capture a certain look, gesture or pose; he then paints them from those photos, trying to convey what makes them special or is not apparent at first glance.<\/p>\n<p>The Dark Side features 31 large-format paintings, including several new pieces made especially for this show, and two sculptures. The selected works span his entire artistic career, from 1990 to the present, and document his exploration of the human condition and the nature of society.<\/p>\n<p>The fragility of madness and the difference of disability are themes that repeatedly surface his work. His singular style asserts itself in a fantastic<\/p>\n<\/div>\n<\/div>\n<\/div>\n<div class=\"page\" title=\"Page 3\">\n<div class=\"layoutArea\">\n<div class=\"column\">\n<p>personal universe through paintings and sculptures of great intensity and enormity that question the beauty of ugliness and convey anguish as a reaction to violence, incomprehension and the destruction of nature.<\/p>\n<p>Pasqua\u2019s earliest works contain mysterious silhouettes reminiscent of voodoo and primitive art. Sans titre (1991) features a collage-like assortment of different types of classical sculptures, voodoo dolls, an old man and masks, and in Sans titre (1990) we see a human figure bearing signs of violence against a black background.<\/p>\n<p>Today Pasqua paints portraits, naked bodies and faces that never deviate from reality, with hardly any additional objects, as in his works Arnaud (2007) and Anne (2006). His paintings go beyond mere physical or superficial depiction, plumbing the emotional depths of the individual.<\/p>\n<p>His sitters are marginalised individuals (transgender people or prostitutes), disabled persons (blind or Down\u2019s syndrome) or members of his inner circle (friends and relatives, including his son Orso) whom he turns into icons, reflecting the universal. He paints some of them, like Arnaud, Laura, Anne and Philippe, time after time.<\/p>\n<p>Pasqua\u2019s compositions are powerful and visceral, depicting his subjects from strange and often unflattering angles. The surfaces of his paintings are thick due to the accumulated layers of paint and detailed views of his models, as illustrated by Caphi (2006), depicting a man in women\u2019s clothing, and Nu (2002), featuring what seem to be three naked female bodies joined together.<\/p>\n<p>Skulls are recurring elements in both his paintings and sculptures. In the painting titled Orso (2020), we see Pasqua\u2019s son holding a skull, and the sculpture Sans titre (2020) shows a vulture spreading its wings atop a mound of golden skulls. In these works the artist explores the idea of the vanitas, which meditates on the transience of life and the certainty of death, seeking the essence of the human being.<\/p>\n<p>As a sculptor he has also addressed other themes, such as the depletion of the earth and the disappearance of species, or the quasi-religious concept of the sacred in La Ce\u0300ne (2017), where clown-headed monkeys sitting at a table evoke Leonardo da Vinci\u2019s Last Supper, drawing inspiration from the theories of Darwin and contemporary scientists.<\/p>\n<p>The artist invites spectators to reflect on the coexistence of beauty and ugliness, questioning the moral values of our time through his oversize paintings.<\/p>\n<p>Philippe Pasqua (Grasse, France, 1965), a self-taught painter and sculptor, has become one of the most prominent names on the<\/p>\n<\/div>\n<\/div>\n<\/div>\n<div class=\"page\" title=\"Page 4\">\n<div class=\"layoutArea\">\n<div class=\"column\">\n<p>international art scene. Important solo exhibitions include Versus, The Storage, Saint-Ouen-l\u2019Aumo\u0302ne, France (2018); Momento Mori, Zemack Contemporary Art, Tel Aviv, Israel (2017); Cra\u0302ne, ArtCurial, Paris, France (2010); Me\u0301tamorphoses, Galerie RX, Paris, France (2004); Trauma, Galerie Hengevoss Du\u0308rkop-Jensen, Hamburg, Germany (2001); and Espace Confluence, Paris, France (1990). His works can be seen in cities around the world, from New York, Moscow and Hong Kong to Mexico City, London and Hamburg.<\/p>\n<\/div>\n<\/div>\n<\/div>\n<\/div>\n<\/div>\n<\/div>\n<\/div>\n<\/div>\n<\/div>\n<div class=\"page\" title=\"Page 8\">\n<div class=\"layoutArea\">\n<div class=\"column\">\n<p style=\"text-align: right;\">Sara Guerra<br \/>\nCoordinator of communication<br \/>\nprensa@cacmalaga.eu<br \/>\n626 509 371<br \/>\n952 20 85 00<\/p>\n<\/div>\n<\/div>\n<\/div>\n<p>[\/vc_column_text][\/vc_tta_section][\/vc_tta_tabs][\/vc_column][\/vc_row]<\/p>\n<\/div>","protected":false},"excerpt":{"rendered":"<p>[vc_row][vc_column][vc_custom_heading text=&#8221;EL LADO OSCURO&#8221; font_container=&#8221;tag:h2|text_align:center&#8221; use_theme_fonts=&#8221;yes&#8221; link=&#8221;|||&#8221;][vc_empty_space height=&#8221;20px&#8221;][vc_column_text] September 11 &#8211; November 29, 2020 [\/vc_column_text][vc_custom_heading text=&#8221;CAC de Malaga &#8211; Spain&#8221; font_container=&#8221;tag:h3|text_align:center&#8221; use_theme_fonts=&#8221;yes&#8221; link=&#8221;|||&#8221;][vc_empty_space height=&#8221;26px&#8221;][vc_tta_tabs shape=&#8221;square&#8221; color=&#8221;white&#8221; spacing=&#8221;20&#8243; gap=&#8221;20&#8243; alignment=&#8221;center&#8221; active_section=&#8221;1&#8243; no_fill_content_area=&#8221;true&#8221; css=&#8221;.vc_custom_1540915951324{background-color: #ffffff !important;}&#8221;][vc_tta_section title=&#8221;Pictures&#8221; tab_id=&#8221;1540412637353-0a840042-ba65&#8243;][vc_masonry_media_grid grid_id=&#8221;vc_gid:1600095621320-09c4a2ab-446c-10&#8243; include=&#8221;919,920,921,922,923,924,925,926,927,928,929,930,931,932,933,934&#8243;][\/vc_tta_section][vc_tta_section title=&#8221;video&#8221; tab_id=&#8221;video&#8221;][vc_row_inner][vc_column_inner][vc_empty_space height=&#8221;60&#8243;][\/vc_column_inner][\/vc_row_inner][vc_column_text][\/vc_column_text][\/vc_tta_section][vc_tta_section title=&#8221;Press Release&#8221; tab_id=&#8221;1542297190673-8d883dec-3888&#8243;][vc_column_text] The Dark Side EL LADO OSCURO &nbsp; THE CAC M\u00c1LAGA PRESENTS&hellip;<\/p>\n","protected":false},"author":1,"featured_media":0,"parent":238,"menu_order":0,"comment_status":"closed","ping_status":"closed","template":"","meta":{"_exactmetrics_skip_tracking":false,"_exactmetrics_sitenote_active":false,"_exactmetrics_sitenote_note":"","_exactmetrics_sitenote_category":0,"footnotes":""},"class_list":["post-912","page","type-page","status-publish","hentry","description-off"],"yoast_head":"<!-- This site is optimized with the Yoast SEO plugin v25.6 - https:\/\/yoast.com\/wordpress\/plugins\/seo\/ -->\n<title>EXPOSITION TOGETH\u2019HER - Du 19 F\u00e9vrier au 23 F\u00e9vrier 2019<\/title>\n<meta name=\"description\" content=\"La Monnaie de Paris accueillera du 19 au 27 f\u00e9vrier 2019, l\u2019exposition intitul\u00e9e \u00ab Artistes \u00e0 la Une, Togeth\u2019her \u00bb\u00ae, organis\u00e9e pour...\" \/>\n<meta name=\"robots\" content=\"index, follow, max-snippet:-1, max-image-preview:large, max-video-preview:-1\" \/>\n<link rel=\"canonical\" href=\"https:\/\/www.pasquaphilippe.com\/en\/expositions\/expositions-recentes\/el-lado-oscuro-2\/\" \/>\n<meta property=\"og:locale\" content=\"en_US\" \/>\n<meta property=\"og:type\" content=\"article\" \/>\n<meta property=\"og:title\" content=\"EXPOSITION TOGETH\u2019HER - Du 19 F\u00e9vrier au 23 F\u00e9vrier 2019\" \/>\n<meta property=\"og:description\" content=\"La Monnaie de Paris accueillera du 19 au 27 f\u00e9vrier 2019, l\u2019exposition intitul\u00e9e \u00ab Artistes \u00e0 la Une, Togeth\u2019her \u00bb\u00ae, organis\u00e9e pour...\" \/>\n<meta property=\"og:url\" content=\"https:\/\/www.pasquaphilippe.com\/en\/expositions\/expositions-recentes\/el-lado-oscuro-2\/\" \/>\n<meta property=\"og:site_name\" content=\"pasqua\" \/>\n<meta property=\"article:modified_time\" content=\"2020-11-09T15:02:45+00:00\" \/>\n<meta property=\"og:image\" content=\"https:\/\/www.pasquaphilippe.com\/wp-content\/uploads\/2020\/09\/El-lado-oscuro-communique-de-presse.jpg\" \/>\n<meta name=\"twitter:card\" content=\"summary_large_image\" \/>\n<meta name=\"twitter:label1\" content=\"Est. reading time\" \/>\n\t<meta name=\"twitter:data1\" content=\"10 minutes\" \/>\n<script type=\"application\/ld+json\" class=\"yoast-schema-graph\">{\"@context\":\"https:\/\/schema.org\",\"@graph\":[{\"@type\":\"WebPage\",\"@id\":\"https:\/\/www.pasquaphilippe.com\/en\/expositions\/expositions-recentes\/el-lado-oscuro-2\/\",\"url\":\"https:\/\/www.pasquaphilippe.com\/en\/expositions\/expositions-recentes\/el-lado-oscuro-2\/\",\"name\":\"EXPOSITION TOGETH\u2019HER - Du 19 F\u00e9vrier au 23 F\u00e9vrier 2019\",\"isPartOf\":{\"@id\":\"https:\/\/www.pasquaphilippe.com\/en\/#website\"},\"primaryImageOfPage\":{\"@id\":\"https:\/\/www.pasquaphilippe.com\/en\/expositions\/expositions-recentes\/el-lado-oscuro-2\/#primaryimage\"},\"image\":{\"@id\":\"https:\/\/www.pasquaphilippe.com\/expositions\/expositions-recentes\/el-lado-oscuro-2\/#primaryimage\"},\"thumbnailUrl\":\"https:\/\/www.pasquaphilippe.com\/wp-content\/uploads\/2020\/09\/El-lado-oscuro-communique-de-presse.jpg\",\"datePublished\":\"2020-09-07T14:14:48+00:00\",\"dateModified\":\"2020-11-09T15:02:45+00:00\",\"description\":\"La Monnaie de Paris accueillera du 19 au 27 f\u00e9vrier 2019, l\u2019exposition intitul\u00e9e \u00ab Artistes \u00e0 la Une, Togeth\u2019her \u00bb\u00ae, organis\u00e9e pour...\",\"breadcrumb\":{\"@id\":\"https:\/\/www.pasquaphilippe.com\/en\/expositions\/expositions-recentes\/el-lado-oscuro-2\/#breadcrumb\"},\"inLanguage\":\"en-US\",\"potentialAction\":[{\"@type\":\"ReadAction\",\"target\":[[\"https:\/\/www.pasquaphilippe.com\/en\/expositions\/expositions-recentes\/el-lado-oscuro-2\/\"]]}]},{\"@type\":\"ImageObject\",\"inLanguage\":\"en-US\",\"@id\":\"https:\/\/www.pasquaphilippe.com\/en\/expositions\/expositions-recentes\/el-lado-oscuro-2\/#primaryimage\",\"url\":\"https:\/\/www.pasquaphilippe.com\/wp-content\/uploads\/2020\/09\/El-lado-oscuro-communique-de-presse.jpg\",\"contentUrl\":\"https:\/\/www.pasquaphilippe.com\/wp-content\/uploads\/2020\/09\/El-lado-oscuro-communique-de-presse.jpg\"},{\"@type\":\"BreadcrumbList\",\"@id\":\"https:\/\/www.pasquaphilippe.com\/en\/expositions\/expositions-recentes\/el-lado-oscuro-2\/#breadcrumb\",\"itemListElement\":[{\"@type\":\"ListItem\",\"position\":1,\"name\":\"Home\",\"item\":\"https:\/\/www.pasquaphilippe.com\/en\/\"},{\"@type\":\"ListItem\",\"position\":2,\"name\":\"EXPOSITIONS\",\"item\":\"https:\/\/www.pasquaphilippe.com\/en\/expositions\/\"},{\"@type\":\"ListItem\",\"position\":3,\"name\":\"EXPOSITIONS RECENTES\",\"item\":\"https:\/\/www.pasquaphilippe.com\/en\/expositions\/expositions-recentes\/\"},{\"@type\":\"ListItem\",\"position\":4,\"name\":\"EL LADO OSCURO\"}]},{\"@type\":\"WebSite\",\"@id\":\"https:\/\/www.pasquaphilippe.com\/en\/#website\",\"url\":\"https:\/\/www.pasquaphilippe.com\/en\/\",\"name\":\"pasqua\",\"description\":\"\",\"potentialAction\":[{\"@type\":\"SearchAction\",\"target\":{\"@type\":\"EntryPoint\",\"urlTemplate\":\"https:\/\/www.pasquaphilippe.com\/en\/?s={search_term_string}\"},\"query-input\":{\"@type\":\"PropertyValueSpecification\",\"valueRequired\":true,\"valueName\":\"search_term_string\"}}],\"inLanguage\":\"en-US\"}]}<\/script>\n<!-- \/ Yoast SEO plugin. -->","yoast_head_json":{"title":"EXPOSITION TOGETH\u2019HER - Du 19 F\u00e9vrier au 23 F\u00e9vrier 2019","description":"La Monnaie de Paris accueillera du 19 au 27 f\u00e9vrier 2019, l\u2019exposition intitul\u00e9e \u00ab Artistes \u00e0 la Une, Togeth\u2019her \u00bb\u00ae, organis\u00e9e pour...","robots":{"index":"index","follow":"follow","max-snippet":"max-snippet:-1","max-image-preview":"max-image-preview:large","max-video-preview":"max-video-preview:-1"},"canonical":"https:\/\/www.pasquaphilippe.com\/en\/expositions\/expositions-recentes\/el-lado-oscuro-2\/","og_locale":"en_US","og_type":"article","og_title":"EXPOSITION TOGETH\u2019HER - Du 19 F\u00e9vrier au 23 F\u00e9vrier 2019","og_description":"La Monnaie de Paris accueillera du 19 au 27 f\u00e9vrier 2019, l\u2019exposition intitul\u00e9e \u00ab Artistes \u00e0 la Une, Togeth\u2019her \u00bb\u00ae, organis\u00e9e pour...","og_url":"https:\/\/www.pasquaphilippe.com\/en\/expositions\/expositions-recentes\/el-lado-oscuro-2\/","og_site_name":"pasqua","article_modified_time":"2020-11-09T15:02:45+00:00","og_image":[{"url":"https:\/\/www.pasquaphilippe.com\/wp-content\/uploads\/2020\/09\/El-lado-oscuro-communique-de-presse.jpg","type":"","width":"","height":""}],"twitter_card":"summary_large_image","twitter_misc":{"Est. reading time":"10 minutes"},"schema":{"@context":"https:\/\/schema.org","@graph":[{"@type":"WebPage","@id":"https:\/\/www.pasquaphilippe.com\/en\/expositions\/expositions-recentes\/el-lado-oscuro-2\/","url":"https:\/\/www.pasquaphilippe.com\/en\/expositions\/expositions-recentes\/el-lado-oscuro-2\/","name":"EXPOSITION TOGETH\u2019HER - Du 19 F\u00e9vrier au 23 F\u00e9vrier 2019","isPartOf":{"@id":"https:\/\/www.pasquaphilippe.com\/en\/#website"},"primaryImageOfPage":{"@id":"https:\/\/www.pasquaphilippe.com\/en\/expositions\/expositions-recentes\/el-lado-oscuro-2\/#primaryimage"},"image":{"@id":"https:\/\/www.pasquaphilippe.com\/expositions\/expositions-recentes\/el-lado-oscuro-2\/#primaryimage"},"thumbnailUrl":"https:\/\/www.pasquaphilippe.com\/wp-content\/uploads\/2020\/09\/El-lado-oscuro-communique-de-presse.jpg","datePublished":"2020-09-07T14:14:48+00:00","dateModified":"2020-11-09T15:02:45+00:00","description":"La Monnaie de Paris accueillera du 19 au 27 f\u00e9vrier 2019, l\u2019exposition intitul\u00e9e \u00ab Artistes \u00e0 la Une, Togeth\u2019her \u00bb\u00ae, organis\u00e9e pour...","breadcrumb":{"@id":"https:\/\/www.pasquaphilippe.com\/en\/expositions\/expositions-recentes\/el-lado-oscuro-2\/#breadcrumb"},"inLanguage":"en-US","potentialAction":[{"@type":"ReadAction","target":[["https:\/\/www.pasquaphilippe.com\/en\/expositions\/expositions-recentes\/el-lado-oscuro-2\/"]]}]},{"@type":"ImageObject","inLanguage":"en-US","@id":"https:\/\/www.pasquaphilippe.com\/en\/expositions\/expositions-recentes\/el-lado-oscuro-2\/#primaryimage","url":"https:\/\/www.pasquaphilippe.com\/wp-content\/uploads\/2020\/09\/El-lado-oscuro-communique-de-presse.jpg","contentUrl":"https:\/\/www.pasquaphilippe.com\/wp-content\/uploads\/2020\/09\/El-lado-oscuro-communique-de-presse.jpg"},{"@type":"BreadcrumbList","@id":"https:\/\/www.pasquaphilippe.com\/en\/expositions\/expositions-recentes\/el-lado-oscuro-2\/#breadcrumb","itemListElement":[{"@type":"ListItem","position":1,"name":"Home","item":"https:\/\/www.pasquaphilippe.com\/en\/"},{"@type":"ListItem","position":2,"name":"EXPOSITIONS","item":"https:\/\/www.pasquaphilippe.com\/en\/expositions\/"},{"@type":"ListItem","position":3,"name":"EXPOSITIONS RECENTES","item":"https:\/\/www.pasquaphilippe.com\/en\/expositions\/expositions-recentes\/"},{"@type":"ListItem","position":4,"name":"EL LADO OSCURO"}]},{"@type":"WebSite","@id":"https:\/\/www.pasquaphilippe.com\/en\/#website","url":"https:\/\/www.pasquaphilippe.com\/en\/","name":"pasqua","description":"","potentialAction":[{"@type":"SearchAction","target":{"@type":"EntryPoint","urlTemplate":"https:\/\/www.pasquaphilippe.com\/en\/?s={search_term_string}"},"query-input":{"@type":"PropertyValueSpecification","valueRequired":true,"valueName":"search_term_string"}}],"inLanguage":"en-US"}]}},"_links":{"self":[{"href":"https:\/\/www.pasquaphilippe.com\/en\/wp-json\/wp\/v2\/pages\/912"}],"collection":[{"href":"https:\/\/www.pasquaphilippe.com\/en\/wp-json\/wp\/v2\/pages"}],"about":[{"href":"https:\/\/www.pasquaphilippe.com\/en\/wp-json\/wp\/v2\/types\/page"}],"author":[{"embeddable":true,"href":"https:\/\/www.pasquaphilippe.com\/en\/wp-json\/wp\/v2\/users\/1"}],"replies":[{"embeddable":true,"href":"https:\/\/www.pasquaphilippe.com\/en\/wp-json\/wp\/v2\/comments?post=912"}],"version-history":[{"count":5,"href":"https:\/\/www.pasquaphilippe.com\/en\/wp-json\/wp\/v2\/pages\/912\/revisions"}],"predecessor-version":[{"id":958,"href":"https:\/\/www.pasquaphilippe.com\/en\/wp-json\/wp\/v2\/pages\/912\/revisions\/958"}],"up":[{"embeddable":true,"href":"https:\/\/www.pasquaphilippe.com\/en\/wp-json\/wp\/v2\/pages\/238"}],"wp:attachment":[{"href":"https:\/\/www.pasquaphilippe.com\/en\/wp-json\/wp\/v2\/media?parent=912"}],"curies":[{"name":"wp","href":"https:\/\/api.w.org\/{rel}","templated":true}]}}